{"id":43,"date":"2019-11-14T20:33:29","date_gmt":"2019-11-14T19:33:29","guid":{"rendered":"http:\/\/landschaftsschutz.org\/?page_id=43"},"modified":"2026-04-14T22:00:07","modified_gmt":"2026-04-14T20:00:07","slug":"arge-nord-ost-e-v","status":"publish","type":"page","link":"https:\/\/landschaftsschutz.org\/","title":{"rendered":"Aktuelles:"},"content":{"rendered":"\n<div class=\"wp-block-columns is-layout-flex wp-container-core-columns-is-layout-9d6595d7 wp-block-columns-is-layout-flex\">\n<div class=\"wp-block-column is-layout-flow wp-block-column-is-layout-flow\" style=\"flex-basis:100%\">\n<h2>Hohlwegpflege <br>Samstag, 25.Juli 2026, ab 9 Uhr, Stuttgart-M\u00fchlhausen<br><\/h2>\n\n\n<div class=\"wp-block-image\">\n<figure class=\"alignleft\"><img loading=\"lazy\" decoding=\"async\" width=\"300\" height=\"245\" src=\"http:\/\/landschaftsschutz.org\/wp-content\/uploads\/2018\/11\/Hohlwegpflege-300x245.jpg\" alt=\"\" class=\"wp-image-772\" srcset=\"https:\/\/landschaftsschutz.org\/wp-content\/uploads\/2018\/11\/Hohlwegpflege-300x245.jpg 300w, https:\/\/landschaftsschutz.org\/wp-content\/uploads\/2018\/11\/Hohlwegpflege-768x627.jpg 768w, https:\/\/landschaftsschutz.org\/wp-content\/uploads\/2018\/11\/Hohlwegpflege.jpg 900w\" sizes=\"auto, (max-width: 300px) 100vw, 300px\" \/><\/figure>\n<\/div>\n\n\n<p>Bei Regen wird der Termin um eine Woche verschoben. <br>Um die wertvolle Natur zu erhalten, werden die H\u00e4nge des Hohlweges gem\u00e4ht und das Pflanzenmaterial abtransportiert. <br>Dadurch gelangt mehr Licht in den Hohlweg, was den Artenreichtum steigert insbesondere bei den Bl\u00fctenpflanzen. Das Nahrungsangebot f\u00fcr Insekten erh\u00f6ht, was wiederum gut f\u00fcr die V\u00f6gel und die Kleins\u00e4uger ist. <br>Wir freuen uns sehr, dass auch ein Rebhuhnpaar im Hohlweg br\u00fctet! Es gibt immer weniger Rebh\u00fchner, so dass jede Fortpflanzungsm\u00f6glichkeit zu begr\u00fc\u00dfen ist. <br><\/p>\n\n\n\n<p><strong>Falls auch Sie tatkr\u00e4ftig und sehr konkret etwas f\u00fcr die Natur tun wollen, melden Sie sich bei der Arge-Nord-Ost. <\/strong>(Es sind keinerlei Vorkenntnisse erforderlich.) <strong>Zum Abschluss gibt es ein gutes Vesper (auch vegetarisch und vegan). F\u00fcr Getr\u00e4nke ist ebenfalls ausreichend gesorgt. <\/strong><\/p>\n\n\n\n<p><strong>Treffpunkt<\/strong> <strong>beim Hof Sperling<\/strong> (<strong><a href=\"http:\/\/landschaftsschutz.org\/wp-content\/uploads\/2021\/05\/Hof-Sperling-Hohlweg.jpg\">\u00dcbersichtskarte<\/a>, <a href=\"http:\/\/landschaftsschutz.org\/wp-content\/uploads\/2017\/07\/Hohlweg.jpg\">Detailkarte<\/a><\/strong>)<br><\/p>\n<\/div>\n<\/div>\n\n\n\n<p class=\"has-large-font-size\"><strong>Was die ARGE Nord-Ost macht:<\/strong><\/p>\n\n\n<h1 style=\"text-align: center;\"><img loading=\"lazy\" decoding=\"async\" class=\"size-medium wp-image-180 alignleft\" src=\"http:\/\/landschaftsschutz.org\/wp-content\/uploads\/2017\/02\/Bild1-300x199.jpg\" alt=\"\" width=\"300\" height=\"199\" srcset=\"https:\/\/landschaftsschutz.org\/wp-content\/uploads\/2017\/02\/Bild1-300x199.jpg 300w, https:\/\/landschaftsschutz.org\/wp-content\/uploads\/2017\/02\/Bild1-768x510.jpg 768w, https:\/\/landschaftsschutz.org\/wp-content\/uploads\/2017\/02\/Bild1.jpg 1130w\" sizes=\"auto, (max-width: 300px) 100vw, 300px\" \/>ARGE Nord-Ost sch\u00fctzt wichtige Freifl\u00e4chen<\/h1>\n<p style=\"text-align: center;\">Wir leben gerne hier &#8211; Sie auch?<\/p>\n<p>Die <span style=\"color: #000000;\"><b>ARGE Nord-<\/b><b>Ost e.V.<\/b> i<\/span>st ein <b>gemeinn\u00fctziger, eingetragener Verein<\/b>, dessen Aufgabe der Erhalt der wertvollen Freifl\u00e4chen im Norden und Osten von Stuttgart ist. Es sind dies der \u00f6stliche Teil vom <b>Langen Feld<\/b> sowie das <b>Schmidener Feld<\/b>.<\/p>\n<p><img loading=\"lazy\" decoding=\"async\" class=\"alignright size-full wp-image-710\" src=\"http:\/\/landschaftsschutz.org\/wp-content\/uploads\/2018\/09\/luftbild.jpg\" alt=\"\" width=\"400\" height=\"265\" srcset=\"https:\/\/landschaftsschutz.org\/wp-content\/uploads\/2018\/09\/luftbild.jpg 400w, https:\/\/landschaftsschutz.org\/wp-content\/uploads\/2018\/09\/luftbild-300x199.jpg 300w\" sizes=\"auto, (max-width: 400px) 100vw, 400px\" \/><\/p>\n<p>Diese Freifl\u00e4chen haben eine<br \/><b>sehr hohe Bedeutung f\u00fcr<br \/>die <a href=\"http:\/\/landschaftsschutz.org\/?page_id=528#land\">Landwirtschaft,<\/a><br \/>die <a href=\"http:\/\/landschaftsschutz.org\/?page_id=528#nah\">Naherholung<\/a> und<br \/>den <a href=\"http:\/\/landschaftsschutz.org\/?page_id=528\">Naturschutz<\/a><\/b>.<br \/>Die ARGE sch\u00fctzt diese wertvollen Gebiete auch ganz praktisch. Wir entwickeln und pflegen vorhandene Biotope und legen neue an. Wir kaufen Grundst\u00fccke und werten diese naturschutzfachlich auf. Wir pflegen auch Biotope im \u00f6ffentlichen Besitz, wie beispielsweise den einzigen noch naturbelassenen Hohlweg auf dem Gebiet der Landeshauptstadt in Stuttgart-M\u00fchlhausen. Wir arbeiten dabei mit Kommunen, B\u00fcrgervereinen, Gewerbevereinen, Umweltverb\u00e4nden und der heimischen Landwirtschaft zusammen.<\/p>\n<h2>Der Nordostring<\/h2>\n<p>w\u00fcrde Vieles in unserem Umfeld \u00e4ndern, und das nicht zum Besseren. Die Probleme mit dem starke<a href=\"http:\/\/arge-nord-ost.de\/nor\/bilder\/NOR-regional.jpg\"><img loading=\"lazy\" decoding=\"async\" class=\"alignright size-full wp-image-101\" src=\"http:\/\/landschaftsschutz.org\/wp-content\/uploads\/2017\/01\/NOR-regional-klein.jpg\" alt=\"\" width=\"120\" height=\"85\"><\/a>n Kraftfahrzeugverkehr, die wir hier im Norden der Landeshauptstadt Stuttgart unbestritten haben, k\u00f6nnte er nicht beheben. Im Gegenteil, der <a href=\"http:\/\/landschaftsschutz.org\/?page_id=24\">Nordostring Stuttgart<\/a>, eine autobahn\u00e4hnliche Kraftfahrstra\u00dfe f\u00fcr den weitr\u00e4umigen Fernverkehr, w\u00fcrde das Kfz-Verkehrsaufkommen in der ohnehin stark belasteten Kernregion des Ballungsraum Stuttgart nochmals deutlich erh\u00f6hen.<br \/>Daf\u00fcr w\u00fcrde der Nordostring die wertvollen Freifl\u00e4chen, die unsere Wohngebiete umgeben, gr\u00fcndlich zerst\u00f6ren.<\/p>\n<h2>bisherige Aktivit\u00e4ten:<\/h2>\n<h3><strong>Hohlweg-Winterpflege 17. Oktober 2024 ab 10 Uhr<br \/><\/strong><\/h3>\n<p><strong><img loading=\"lazy\" decoding=\"async\" class=\"alignleft size-medium wp-image-1006\" src=\"http:\/\/landschaftsschutz.org\/wp-content\/uploads\/2022\/01\/IMG_20181215_134334827-300x225.jpg\" sizes=\"auto, (max-width: 300px) 100vw, 300px\" srcset=\"http:\/\/landschaftsschutz.org\/wp-content\/uploads\/2022\/01\/IMG_20181215_134334827-300x225.jpg 300w, http:\/\/landschaftsschutz.org\/wp-content\/uploads\/2022\/01\/IMG_20181215_134334827-768x576.jpg 768w, http:\/\/landschaftsschutz.org\/wp-content\/uploads\/2022\/01\/IMG_20181215_134334827-1536x1152.jpg 1536w, http:\/\/landschaftsschutz.org\/wp-content\/uploads\/2022\/01\/IMG_20181215_134334827-2048x1536.jpg 2048w\" alt=\"\" width=\"300\" height=\"225\"><\/strong><\/p>\n<p>In diesem Jahr macht die Arge Nord-Ost die Winterhohlweg-Pflege bereits im Oktober, weil eine Firma angefragt hatte, weil sie ihren &#8222;Social Day&#8220; der praktischen Arbeit f\u00fcr den Naturschutz widmen will. Deshalb findet der Einsatz nicht am Samstag statt, sondern am Donnerstag.<\/p>\n<p><strong>Treffpunkt<\/strong> <strong>beim Hof Sperling<\/strong> (<strong><a href=\"http:\/\/landschaftsschutz.org\/wp-content\/uploads\/2021\/05\/Hof-Sperling-Hohlweg.jpg\">\u00dcbersichtskarte<\/a>, <a href=\"http:\/\/landschaftsschutz.org\/wp-content\/uploads\/2017\/07\/Hohlweg.jpg\">Detailkarte<\/a><\/strong>) am s\u00fcdlichen Ende des Hohlwegs, Wenn Sie mit dem \u00d6PNV kommen, dann fahren Sie am besten mit dem Bus 53 aus Zuffenhausen kommend bis zur Haltestelle M\u00fchlhausen Schloss oder mit der Stadtbahn bis Haltestelle M\u00fchlhausen, bzw.Hornbach. Von dort sind es etwa 2 km zu Fu\u00df.<\/p>\n<p>Bei schlechtem Wetter wird die Hohlwegpflege um eine Woche verschoben. Die Hohlwegpflege erfolgt in Zusammenarbeit mit dem Amt f\u00fcr Umweltschutz der Stadt Stuttgart.<\/p>\n<p>Diesmal stehen folgende Arbeiten an:<\/p>\n<p>Pfleger\u00fcckschnitt der Geh\u00f6lzr\u00e4nder \u2013 jeweils Innen- und Au\u00dfenkante <br \/>\u2022 zwei gr\u00f6\u00dfere Geb\u00fcsche innerhalb des Geh\u00f6lzes (Haseln, Hartriegel) verj\u00fcngen<br \/>\u2022 Nachpflege von \u201aauf den Stock gesetzten\u2018 Heckenabschnitten hier Entfernung von Brombeeraufwuchs<br \/>\u2022 Schnittgut aus Fl\u00e4che r\u00e4umen, auf benachbarten Lagerplatz sammeln, Reisig getrennt von Starkholz lagern <br \/>(die Reisigabfuhr erfolgt \u00fcber das Tiefbauamt)<\/p>\n<p>Wir versuchen, bis zum fr\u00fchen Nachmittag fertig zu sein. Zum Vesper gibt es Br\u00f6tchen mit K\u00e4se oder warmen Fleischk\u00e4se. Und dazu verschiedene (je nach Wetterlage gut gek\u00fchlte) Getr\u00e4nke. Etwas an warmen Getr\u00e4nken wird auch da sein, bringen Sie ggfs. bitte eine Tasse mit. Und ganz toll w\u00e4re es, wenn Sie selbst eine Thermosflasche heissen Tee mitbringen k\u00f6nnten.<\/p>\n<p>Ansonsten gilt wie immer bei unseren Pflegeeins\u00e4tzen:<\/p>\n<p>Sicherheit und Spa\u00df sind wichtiger als Schnelligkeit und Fl\u00e4chenleistung. Der Einsatz erfolgt auf eigenes Risiko. Wir haben ausreichend Werkzeug (Astscheren, S\u00e4gen etc.) vor Ort. Selbstverst\u00e4ndlich k\u00f6nnen Sie auch eigenes Werkzeug mitbringen (wenn mit Antrieb, dann bitte elektrisch). Und ganz wichtig: Arbeitshandschuhe (gef\u00fcttert) nicht vergessen.<\/p>\n<p>\u00dcber eine rege Beteiligung w\u00fcrden wir uns wieder sehr freuen. Je mehr wir sind, umso mehr Spa\u00df macht es, und umso schneller sind wir fertig.<\/p>\n<\/p>\n<h2>Tag der Artenvielfalt: W\u00e4lder und Felder \u2013 Artenvielfalt fast \u00fcberall<\/h2>\n<p><img loading=\"lazy\" decoding=\"async\" class=\"alignleft size-medium wp-image-1222\" src=\"http:\/\/landschaftsschutz.org\/wp-content\/uploads\/2024\/03\/Tag-der-Artenvielfalt-300x199.jpg\" alt=\"\" width=\"300\" height=\"199\" srcset=\"https:\/\/landschaftsschutz.org\/wp-content\/uploads\/2024\/03\/Tag-der-Artenvielfalt-300x199.jpg 300w, https:\/\/landschaftsschutz.org\/wp-content\/uploads\/2024\/03\/Tag-der-Artenvielfalt-768x508.jpg 768w, https:\/\/landschaftsschutz.org\/wp-content\/uploads\/2024\/03\/Tag-der-Artenvielfalt.jpg 870w\" sizes=\"auto, (max-width: 300px) 100vw, 300px\" \/><\/p>\n<p><strong>R\u00fcckblick<\/strong><\/p>\n<p><a href=\"http:\/\/landschaftsschutz.org\/?p=1232\">weiterlesen<\/a><\/p>\n<\/p>\n<h2>&nbsp;<\/h2>\n<h2>&nbsp;<\/h2>\n<h2>&nbsp;<\/h2>\n<h2>F\u00fchrung \u00fcber den Besinnungsweg in Fellbach: So, 28.4.2024, 14 Uhr<\/h2>\n<p><img loading=\"lazy\" decoding=\"async\" class=\"alignleft size-medium wp-image-1214\" src=\"http:\/\/landschaftsschutz.org\/wp-content\/uploads\/2024\/03\/freiheit-besinnungsweg-300x198.jpg\" alt=\"\" width=\"300\" height=\"198\" srcset=\"https:\/\/landschaftsschutz.org\/wp-content\/uploads\/2024\/03\/freiheit-besinnungsweg-300x198.jpg 300w, https:\/\/landschaftsschutz.org\/wp-content\/uploads\/2024\/03\/freiheit-besinnungsweg.jpg 700w\" sizes=\"auto, (max-width: 300px) 100vw, 300px\" \/><\/p>\n<p>Treffpunkt: So, 28. April, 14 Uhr beim Gemeindezentrum Fellbach-Oeffingen (Buslinie 60). Der Vorsitzende des Besinnungswegvereins, Paul Rothwein, wird uns 2 bis 3 Stunden (ja nach Wetter) den Besinnungsweg und die Kunstwerke erl\u00e4utern.<\/p>\n<p>F\u00fcr die F\u00fchrung wird ein Unkostenbeitrag von 8 Euro je Person erhoben.<\/p>\n<\/p>\n<p><strong>Hohlweg-Winterpflege Dezember 2023<\/strong><\/p>\n<p><strong><img loading=\"lazy\" decoding=\"async\" class=\"alignleft size-medium wp-image-1006\" src=\"http:\/\/landschaftsschutz.org\/wp-content\/uploads\/2022\/01\/IMG_20181215_134334827-300x225.jpg\" alt=\"\" width=\"300\" height=\"225\" srcset=\"https:\/\/landschaftsschutz.org\/wp-content\/uploads\/2022\/01\/IMG_20181215_134334827-300x225.jpg 300w, https:\/\/landschaftsschutz.org\/wp-content\/uploads\/2022\/01\/IMG_20181215_134334827-768x576.jpg 768w, https:\/\/landschaftsschutz.org\/wp-content\/uploads\/2022\/01\/IMG_20181215_134334827-1536x1152.jpg 1536w, https:\/\/landschaftsschutz.org\/wp-content\/uploads\/2022\/01\/IMG_20181215_134334827-2048x1536.jpg 2048w\" sizes=\"auto, (max-width: 300px) 100vw, 300px\" \/><\/strong><\/p>\n<p><strong>Treffpunkt<\/strong> <strong>beim Hof Sperling<\/strong> (<strong><a href=\"http:\/\/landschaftsschutz.org\/wp-content\/uploads\/2021\/05\/Hof-Sperling-Hohlweg.jpg\">\u00dcbersichtskarte<\/a>, <a href=\"http:\/\/landschaftsschutz.org\/wp-content\/uploads\/2017\/07\/Hohlweg.jpg\">Detailkarte<\/a><\/strong>) am s\u00fcdlichen Ende des Hohlwegs, Wenn Sie mit dem \u00d6PNV kommen, dann fahren Sie am besten mit dem Bus 53 aus Zuffenhausen kommend bis zur Haltestelle M\u00fchlhausen Schloss oder mit der Stadtbahn bis Haltestelle M\u00fchlhausen. Von dort sind es etwa 2 km zu Fu\u00df.<\/p>\n<p>Bei schlechtem Wetter wird die Hohlwegpflege um eine Woche verschoben. Die Hohlwegpflege erfolgt in Zusammenarbeit mit dem Amt f\u00fcr Umweltschutz der Stadt Stuttgart.<\/p>\n<p>Diesmal stehen folgende Arbeiten an:<\/p>\n<p>Pfleger\u00fcckschnitt der Geh\u00f6lzr\u00e4nder \u2013 jeweils Innen- und Au\u00dfenkante <br \/>\u2022 zwei gr\u00f6\u00dfere Geb\u00fcsche innerhalb des Geh\u00f6lzes (Haseln, Hartriegel) verj\u00fcngen<br \/>\u2022 Nachpflege von \u201aauf den Stock gesetzten\u2018 Heckenabschnitten hier Entfernung von Brombeeraufwuchs<br \/>\u2022 Schnittgut aus Fl\u00e4che r\u00e4umen, auf benachbarten Lagerplatz sammeln, Reisig getrennt von Starkholz lagern <br \/>(die Reisigabfuhr erfolgt \u00fcber das Tiefbauamt)<\/p>\n<p>Wir versuchen, bis zum fr\u00fchen Nachmittag fertig zu sein. Zum Vesper gibt es Br\u00f6tchen mit K\u00e4se oder warmen Fleischk\u00e4se. Und dazu verschiedene (je nach Wetterlage gut gek\u00fchlte) Getr\u00e4nke. Etwas an warmen Getr\u00e4nken wird auch da sein, bringen Sie ggfs. bitte eine Tasse mit. Und ganz toll w\u00e4re es, wenn Sie selbst eine Thermosflasche heissen Tee mitbringen k\u00f6nnten.<\/p>\n<p>Ansonsten gilt wie immer bei unseren Pflegeeins\u00e4tzen:<\/p>\n<p>Sicherheit und Spa\u00df sind wichtiger als Schnelligkeit und Fl\u00e4chenleistung. Der Einsatz erfolgt auf eigenes Risiko. Wir haben ausreichend Werkzeug (Astscheren, S\u00e4gen etc.) vor Ort. Selbstverst\u00e4ndlich k\u00f6nnen Sie auch eigenes Werkzeug mitbringen (wenn mit Antrieb, dann bitte elektrisch). Und ganz wichtig: Arbeitshandschuhe (gef\u00fcttert) nicht vergessen.<\/p>\n<p>\u00dcber eine rege Beteiligung w\u00fcrden wir uns wieder sehr freuen. Je mehr wir sind, umso mehr Spa\u00df macht es, und umso schneller sind wir fertig.<\/p>\n<hr>\n<h3><strong>Volksantrag gegen den Fl\u00e4chenfra\u00df, Natur, Landschaft und Landwirtschaft statt Beton und Asphalt<br \/><\/strong><\/h3>\n<p><img loading=\"lazy\" decoding=\"async\" class=\"alignleft size-medium wp-image-1199\" src=\"http:\/\/landschaftsschutz.org\/wp-content\/uploads\/2024\/03\/Foto_Uebergabe_LNV-768x525-1-300x205.png\" alt=\"\" width=\"300\" height=\"205\" srcset=\"https:\/\/landschaftsschutz.org\/wp-content\/uploads\/2024\/03\/Foto_Uebergabe_LNV-768x525-1-300x205.png 300w, https:\/\/landschaftsschutz.org\/wp-content\/uploads\/2024\/03\/Foto_Uebergabe_LNV-768x525-1.png 768w\" sizes=\"auto, (max-width: 300px) 100vw, 300px\" \/>Der stetig voranschreitende Fl\u00e4chenfra\u00df&nbsp; bedroht unsere wundersch\u00f6ne Natur und Landschaft in Baden-W\u00fcrttemberg. Immer mehr \u00c4cker und Felder verschwinden unter Asphalt und Beton.<br \/>Am 1. M\u00e4rz 2024 wurden Landtagspr\u00e4sidentin Muhterem Aras \u00fcber 50.000 Unterschriften \u00fcberreicht!<\/p>\n<\/p>\n<hr>\n<p><strong>Stellungnahme zur Erg\u00e4nzung des Regionalverkehrsplans<\/strong><\/p>\n<p><span id=\"page3R_mcid24\" class=\"markedContent\"><span dir=\"ltr\" role=\"presentation\">Angesichts der rasch voranschreitenden Klimakatastrophe sah sich <\/span> <span dir=\"ltr\" role=\"presentation\">der Verband Region Stuttgart (VRS) <\/span><span dir=\"ltr\" role=\"presentation\">gen\u00f6tigt, den Regionalverkehrsplan (RVP) in Hinblick auf den Klimaschutz zu \u00fcberarbeiten. Die dabei vom VRS vor<\/span><span dir=\"ltr\" role=\"presentation\">geschlagenen Erg\u00e4nzungen des RVP werden aber den Anspr\u00fcchen, die an eine zukunftsf\u00e4<\/span><span dir=\"ltr\" role=\"presentation\">hige \u00dcberarbeitung zu stellen sind, nicht<\/span> <span dir=\"ltr\" role=\"presentation\">ansatzweise<\/span> <span dir=\"ltr\" role=\"presentation\">gerecht. <br \/><a href=\"http:\/\/landschaftsschutz.org\/wp-content\/uploads\/2022\/12\/20221209-ARGE-Nord-Ost-Stellungnahme-Ergaenzung-RVP-oU-1.pdf\" target=\"_blank\" rel=\"noopener\">Stellungnahme der ARGE Nord-Ost<\/a><br \/><a href=\"https:\/\/region-stuttgart.ratsinfomanagement.net\/sdnetrim\/UGhVM0hpd2NXNFdFcExjZdGJDrMilrkDhW5zLCkcdTkh9cTx88rXC5uU5f8aIxKF\/RVP_Textteil_Bearbeitungsstand_220815.pdf\" target=\"_blank\" rel=\"noopener\">Erg\u00e4nzungen des Verbandes Region Stuttgart<\/a> <br \/><\/span><\/span><\/p>\n<hr>\n<p><strong>&nbsp;<\/strong><\/p>\n<p><strong>Diskussion im Regionalverband \u00fcber den Nordostring<\/strong><\/p>\n<p><span id=\"page3R_mcid14\" class=\"markedContent\"><span dir=\"ltr\" role=\"presentation\">Am Mittwoch, den 19.1.2022 werden im Verkehrsausschuss des Verband<\/span> <span dir=\"ltr\" role=\"presentation\">Region Stuttgart <\/span><span dir=\"ltr\" role=\"presentation\">(VRS)<\/span> <span dir=\"ltr\" role=\"presentation\">drei Antr\u00e4ge zum Thema Verkehrssituation im Nordosten von Stuttgart behandelt. (<a href=\"https:\/\/region-stuttgart.ratsinfomanagement.net\/tops\/?__=UGhVM0hpd2NXNFdFcExjZczE5NGNp-ZHe1kJ-WiyFNg\">Sitzungsunterlagen<\/a>)<br \/>Statt sich mit einer Stra\u00dfenplanung ohne Zukunft zu besch\u00e4ftigen, sollte sich der Regionalverband besser \u00fcberlegen, wie das Klimaschutzziel f\u00fcr 2035, 40% weniger CO2 im Verkehrssektor auszusto\u00dfen, in der Region Stuttgart erreicht werden kann. Heutige Verkehrspolitik muss nachhaltig sein im Sinne von Klima- und Ressourcenschutz.<br \/><a href=\"http:\/\/landschaftsschutz.org\/wp-content\/uploads\/2022\/01\/20220118-PM-ARGE-Nord-Ost-Nordostring_Planung_ohne_Zukunft.pdf\">Pressemitteilung der Arge-Nord-Ost e.V. vom 18.1.2022<\/a>.<br \/><\/span><\/span><\/p>\n<hr>\n<p><strong>Nordostring-Tunnel \u2013 Chance oder Risiko?<\/strong><br \/>Am 20.1.2020 hatte ein Industriekonsortium, bestehend aus den Firmen Bosch, Lapp, Stihl und Trumpf, unterst\u00fctzt von Daimler, K\u00e4rcher und Mahle, der \u00d6ffentlichkeit Pl\u00e4ne f\u00fcr einen weitgehend im Tunnel gef\u00fchrten Nordostring vorgestellt (<a href=\"https:\/\/landschaftsmodell-nordostring.de\/\">Landschaftsmodell Nordostring<\/a>). Durch die unterirdische F\u00fchrung soll vor allem die wertvolle Landschaft geschont werden. Dies hat die ARGE Nord-Ost e.V. stets gefordert und begr\u00fc\u00dft es daher sehr, dass nun auch die Industrie das Erholungsgebiet als sehr wertvoll und unbedingt sch\u00fctzenswert einstuft.<br \/>Dennoch lehnt die ARGE Nord-Ost den unterirdischen Nordostring ab, da auch ein Nordostring-Tunnel wesentlich mehr Probleme verursacht als er l\u00f6sen kann.<br \/><a href=\"http:\/\/landschaftsschutz.org\/wp-content\/uploads\/2020\/02\/20200214-PM-zum-Landschaftsmodell-Nord-Ost-Ring-2.pdf\"> weiterlesen <\/a><\/p>\n<h2><strong>Berlin plant nur f\u00fcr den Fernverkehr<\/strong><\/h2>\n<p>In Berlin werden keine regionalen Verbindungsstra\u00dfen zwischen Waiblingen und Ludwigsburg geplant. Der Bund ist nur f\u00fcr den Fernverkehr zust\u00e4ndig. Genau vor unserer Haust\u00fcre entst\u00fcnde zwischen<br \/>den stark belasteten Autobahnen A6 im Norden bei Heilbronn und A8 im S\u00fcden eine dritte Ost-West-Achse. Wo wir uns heute noch erholen, wo frische Luft entsteht und gesunde Lebensmittel erzeugt werden, h\u00e4tten wir dann Tag und Nacht L\u00e4rm und Gestank des Fernverkehrs. <strong>Den vollst\u00e4ndigen Flyer zum Herunterladen finden Sie <a href=\"http:\/\/landschaftsschutz.org\/wp-content\/uploads\/2019\/02\/20190307-Flyer-Nordostring-Aldingen.pdf\">hier<\/a><\/strong><\/p>\n<h2>Luftreinhalteplan Stuttgart<\/h2>\n<p><a href=\"http:\/\/landschaftsschutz.org\/wp-content\/uploads\/2018\/12\/hohlweg-lageplan-2.pdf\"><img loading=\"lazy\" decoding=\"async\" class=\"alignleft size-medium wp-image-752\" src=\"http:\/\/landschaftsschutz.org\/wp-content\/uploads\/2018\/10\/IMG_20181012_154421462-300x225.jpg\" alt=\"\" width=\"300\" height=\"225\" srcset=\"https:\/\/landschaftsschutz.org\/wp-content\/uploads\/2018\/10\/IMG_20181012_154421462-300x225.jpg 300w, https:\/\/landschaftsschutz.org\/wp-content\/uploads\/2018\/10\/IMG_20181012_154421462-768x576.jpg 768w\" sizes=\"auto, (max-width: 300px) 100vw, 300px\" \/><\/a>Am 12.10.2018 haben Vertreter der Arge Nord-Ost e.V. Regierungspr\u00e4sident Wolfgang Reimer \u00fcber 700 Einw\u00e4nde von B\u00fcrgerinnen und B\u00fcrgern \u00fcbergeben. Darin wird gefordert, den Nordostring als &#8222;Luftreinhaltema\u00dfnahme&#8220; aus dem Luftreinhalteplan Stuttgart zu streichen.<br \/><a href=\"http:\/\/landschaftsschutz.org\/wp-content\/uploads\/2018\/10\/ARGE-Nordost-PM-U\u0308bergabe-Einspru\u0308che-Luftreinhalteplan.pdf\">ARGE-Nordost Pressemitteilung <\/a><\/p>\n<h2>&nbsp;<\/h2>\n<h2>&nbsp;<\/h2>\n<h2>Regionalverkehrsplan<\/h2>\n<p>Am 18.7.2018 hat die Regionalversammlung den Regionalverkehrsplan mehrheitlich beschlossen. Dagegen gestimmt haben die &#8222;Gr\u00fcnen&#8220; und die &#8222;Linken&#8220;. Der Nordostring ist im Regionalplan als vordringliche Stra\u00dfenneubauma\u00dfnahme enthalten. <a href=\"http:\/\/landschaftsschutz.org\/?p=432\">Pressemitteilung zum neuen Regionalverkehrsplan <\/a><\/p>\n<p>Den Regionalplanverkehrsplan k\u00f6nnen Sie im Internet abrufen unter:<br \/><a href=\"https:\/\/www.region-stuttgart.org\/regionalverkehrsplan\/\" target=\"_blank\" rel=\"noopener\">Regionalverkehrsplan<\/a><\/p>\n<h2>Bundesverkehrswegeplan<\/h2>\n<p>Das von der CSU gef\u00fchrte Bundesverkehrsministerium (BMVI) hat den Nordostring 2016 sogar mit Planungsrecht in den neuen Bundesverkehrswegeplan (BVWP 2030) aufgenommen. Die Bewertungen des Nordostrings im BVWP 2030 sind dabei weitgehend falsch, der berechnete Nutzen-Kostenfaktor von \u00fcber 10 Wunschdenken. Hier k\u00f6nnen Sie die <a href=\"http:\/\/arge-nord-ost.de\/20160429-Stellungnahme-ARGE-BVWP2030.pdf\"> Stellungnahme der ARGE Nord-Ost e.V. zum Bundesverkehrswegeplan herunterladen.<\/a><\/p>\n<p><b>Weitere Informationen zum Bundesverkehrswegeplan:<\/b><br \/><a href=\"http:\/\/www.bvwp-projekte.de\/map_street.html\"><img loading=\"lazy\" decoding=\"async\" class=\"alignleft wp-image-99 size-full\" src=\"http:\/\/landschaftsschutz.org\/wp-content\/uploads\/2017\/01\/BVWP-Karte.jpg\" width=\"150\" height=\"155\"><\/a>\u00dcber <a href=\"http:\/\/www.bvwp-projekte.de\/map_street.html\">diese Karte<\/a> kommen Sie zu den einzelnen Projekten des BVWP.<br \/>Hier k\u00f6nnen Sie den aktuellen Stand der <a href=\"http:\/\/www.bvwp-projekte.de\/strasse\/B29-G990-BW\/B29-G990-BW.html\"> Projekt-Beschreibung (Projekt-Dossier)<\/a> vom Server des BMVI direkt herunterladen.<br \/>Da es sich bei der aktuellen Planung wieder um die alte C1-Trasse des Nordostrings aus dem Jahr 2004 handelt, sind die Pl\u00e4ne und Untersuchungen aus dem damaligen Linienbestimmungsverfahren nachwievor zutreffend. Wir haben die Karten der Untersuchungen 2002 f\u00fcr Sie ins Netz gestellt, Sie k\u00f6nnen sie <a href=\"http:\/\/arge-nord-ost.de\/nor\/Linienbestimmung\/alle_Materialien.html\"> hier einsehen.<\/a><\/p>\n<h2>Wir geben unser Wissen weiter<\/h2>\n<p>Wir besch\u00e4ftigen uns nicht nur intensiv mit Fragen des Naturschutzes, sondern auch mit Verkehrsfragen und Stra\u00dfenplanungen im weiteren Sinn. Hier verf\u00fcgen wir \u00fcber ein breites Fachwissen, das wir gerne an andere ideelle Non-Profit Organisationen weitergeben. Soweit es unsere Zeit zul\u00e4sst, unterst\u00fctzen und beraten wir Initiativen, Vereine, Verb\u00e4nde und Parteien in Baden-W\u00fcrttemberg zu den genannten Themen.<\/p>\n<hr>\n<p>Die von uns verwendeten Karten und Graphiken sind auf der Grundlage amtlicher Kartenwerke des <a href=\"http:\/\/www.lv-bw.de\/\" target=\"_top\" rel=\"noopener\">Landesamt f\u00fcr Geoinformation und Landentwicklung Baden-W\u00fcrttemberg<\/a> sowie des <a href=\"http:\/\/www.stuttgart.de\/stadtmessungsamt\" target=\"_top\" rel=\"noopener\">Stadtmessungsamtes der LHS Stuttgart<\/a> erstellt. Weiterhin pr\u00e4sentieren wir hier Abbildungen aus offiziellen Pl\u00e4nen und Gutachten, die auf unsere Kosten (n\u00e4mlich auf Kosten des Steuerzahlers) f\u00fcr und im Auftrag des <a href=\"http:\/\/www.rp-stuttgart.de\/\" target=\"_top\" rel=\"noopener\">Regierungspr\u00e4sidiums Stuttgart<\/a> u.a. im Rahmen der Planung des Nordostrings und der Neckarbr\u00fccke hergestellt wurden. Diese Karten wurden teilweise von uns thematisch erg\u00e4nzt, um wichtige Sachverhalte deutlich zu machen.<\/p>\n<p>Die meisten auf unseren Seiten verwendeten Fotos stammen von Michael Eick, Horst Allgaier und Joseph Michl.<\/p>\n<\/p>","protected":false},"excerpt":{"rendered":"<p>Hohlwegpflege Samstag, 25.Juli 2026, ab 9 Uhr, Stuttgart-M\u00fchlhausen Bei Regen wird der Termin um eine Woche verschoben. Um die wertvolle Natur zu erhalten, werden die H\u00e4nge des Hohlweges gem\u00e4ht und das Pflanzenmaterial abtransportiert. Dadurch gelangt mehr Licht in den Hohlweg, was den Artenreichtum steigert insbesondere bei den Bl\u00fctenpflanzen. Das Nahrungsangebot f\u00fcr Insekten erh\u00f6ht, was wiederum [&hellip;]<\/p>\n","protected":false},"author":1,"featured_media":0,"parent":0,"menu_order":0,"comment_status":"closed","ping_status":"closed","template":"","meta":{"footnotes":""},"class_list":["post-43","page","type-page","status-publish","hentry"],"_links":{"self":[{"href":"https:\/\/landschaftsschutz.org\/index.php?rest_route=\/wp\/v2\/pages\/43","targetHints":{"allow":["GET"]}}],"collection":[{"href":"https:\/\/landschaftsschutz.org\/index.php?rest_route=\/wp\/v2\/pages"}],"about":[{"href":"https:\/\/landschaftsschutz.org\/index.php?rest_route=\/wp\/v2\/types\/page"}],"author":[{"embeddable":true,"href":"https:\/\/landschaftsschutz.org\/index.php?rest_route=\/wp\/v2\/users\/1"}],"replies":[{"embeddable":true,"href":"https:\/\/landschaftsschutz.org\/index.php?rest_route=%2Fwp%2Fv2%2Fcomments&post=43"}],"version-history":[{"count":225,"href":"https:\/\/landschaftsschutz.org\/index.php?rest_route=\/wp\/v2\/pages\/43\/revisions"}],"predecessor-version":[{"id":1410,"href":"https:\/\/landschaftsschutz.org\/index.php?rest_route=\/wp\/v2\/pages\/43\/revisions\/1410"}],"wp:attachment":[{"href":"https:\/\/landschaftsschutz.org\/index.php?rest_route=%2Fwp%2Fv2%2Fmedia&parent=43"}],"curies":[{"name":"wp","href":"https:\/\/api.w.org\/{rel}","templated":true}]}}