{"id":31,"date":"2018-01-27T22:32:00","date_gmt":"2018-01-27T21:32:00","guid":{"rendered":"http:\/\/landschaftsschutz.org\/?page_id=31"},"modified":"2018-09-10T21:05:11","modified_gmt":"2018-09-10T19:05:11","slug":"impressum","status":"publish","type":"page","link":"https:\/\/landschaftsschutz.org\/?page_id=31","title":{"rendered":"Impressum \/ Datenschutz"},"content":{"rendered":"<p><span style=\"font-size: x-large;\">Kontakt: <\/span><\/p>\n<table border=\"\">\n<tbody>\n<tr>\n<td>Postanschrift<\/td>\n<td>ARGE Nord-Ost e.V.<br \/>\nFranklinstr. 42<br \/>\n70435 Stuttgart<\/td>\n<\/tr>\n<tr>\n<td>Telefon<\/td>\n<td>0711 \/ 9827993<\/td>\n<\/tr>\n<tr>\n<td>E-Mail<\/td>\n<td><a href=\"mailto:info@arge-nord-ost.de\">info@arge-nord-ost.de<\/a><\/td>\n<\/tr>\n<tr>\n<td>Vertretungsberechtigter<br \/>\nVorstand<\/td>\n<td>Joseph Michl<br \/>\nHorst Allgaier<br \/>\nReinhold Uetz<\/td>\n<\/tr>\n<tr>\n<td>Registergericht<\/td>\n<td>Amtsgericht Stuttgart<\/td>\n<\/tr>\n<tr>\n<td>Registernummer<\/td>\n<td>VR 7216<\/td>\n<\/tr>\n<tr>\n<td>Bankverbindung<\/td>\n<td>Volksbank Zuffenhausen eG<br \/>\nIBAN: DE78 6009 0300 0423 2250 06<br \/>\nBIC:\u00a0\u00a0\u00a0 GENODES1ZUF<\/td>\n<\/tr>\n<tr>\n<td>Verantwortlicher f\u00fcr<br \/>\nden Inhalt der Seiten<br \/>\nder ARGE Nord-Ost<\/td>\n<td>Joseph Michl<\/td>\n<\/tr>\n<\/tbody>\n<\/table>\n<p>&nbsp;<\/p>\n<p>Haftung f\u00fcr Inhalte<\/p>\n<p>Als Diensteanbieter sind wir gem\u00e4\u00df \u00a7 7 Abs.1 TMG f\u00fcr eigene Inhalte auf diesen Seiten nach den<br \/>\nallgemeinen Gesetzen verantwortlich. Nach \u00a7\u00a7 8 bis 10 TMG sind wir als Diensteanbieter jedoch nicht<br \/>\nverpflichtet, \u00fcbermittelte oder gespeicherte fremde Informationen zu \u00fcberwachen oder nach Umst\u00e4nden<br \/>\nzu forschen, die auf eine rechtswidrige T\u00e4tigkeit hinweisen.<br \/>\nVerpflichtungen zur Entfernung oder Sperrung der Nutzung von Informationen nach den allgemeinen<br \/>\nGesetzen bleiben hiervon unber\u00fchrt. Eine diesbez\u00fcgliche Haftung ist jedoch erst ab dem Zeitpunkt der<br \/>\nKenntnis einer konkreten Rechtsverletzung m\u00f6glich. Bei Bekanntwerden von entsprechenden<br \/>\nRechtsverletzungen werden wir diese Inhalte umgehend entfernen.<br \/>\nHaftung f\u00fcr Links<\/p>\n<p>Unser Angebot enth\u00e4lt Links zu externen Websites Dritter, auf deren Inhalte wir keinen Einfluss haben.<br \/>\nDeshalb k\u00f6nnen wir f\u00fcr diese fremden Inhalte auch keine Gew\u00e4hr \u00fcbernehmen. F\u00fcr die Inhalte der<br \/>\nverlinkten Seiten ist stets der jeweilige Anbieter oder Betreiber der Seiten verantwortlich. Die verlinkten<br \/>\nSeiten wurden zum Zeitpunkt der Verlinkung auf m\u00f6gliche Rechtsverst\u00f6\u00dfe \u00fcberpr\u00fcft. Rechtswidrige<br \/>\nInhalte waren zum Zeitpunkt der Verlinkung nicht erkennbar.<br \/>\nEine permanente inhaltliche Kontrolle der verlinkten Seiten ist jedoch ohne konkrete Anhaltspunkte einer<br \/>\nRechtsverletzung nicht zumutbar. Bei Bekanntwerden von Rechtsverletzungen werden wir derartige Links<br \/>\numgehend entfernen.<br \/>\nUrheberrecht<\/p>\n<p>Die durch die Seitenbetreiber erstellten Inhalte und Werke auf diesen Seiten unterliegen dem deutschen<br \/>\nUrheberrecht. Die Vervielf\u00e4ltigung, Bearbeitung, Verbreitung und jede Art der Verwertung au\u00dferhalb der<br \/>\nGrenzen des Urheberrechtes bed\u00fcrfen der schriftlichen Zustimmung des jeweiligen Autors bzw.<br \/>\nErstellers. Downloads und Kopien dieser Seite sind nur f\u00fcr den privaten, nicht kommerziellen Gebrauch<br \/>\ngestattet.<br \/>\nSoweit die Inhalte auf dieser Seite nicht vom Betreiber erstellt wurden, werden die Urheberrechte Dritter<br \/>\nbeachtet. Insbesondere werden Inhalte Dritter als solche gekennzeichnet. Sollten Sie trotzdem auf eine<br \/>\nUrheberrechtsverletzung aufmerksam werden, bitten wir um einen entsprechenden Hinweis. Bei<br \/>\nBekanntwerden von Rechtsverletzungen werden wir derartige Inhalte umgehend entfernen.<\/p>\n<p><strong>Datenschutzerkl\u00e4rung<\/strong><\/p>\n<p>Wir freuen uns sehr \u00fcber Ihr Interesse. Datenschutz hat f\u00fcr uns einen besonders hohen Stellenwert. Eine Nutzung unserer Internetseiten ist grunds\u00e4tzlich ohne jede Angabe personenbezogener Daten m\u00f6glich.<br \/>\nDie Verarbeitung personenbezogener Daten, beispielsweise des Namens, der Anschrift, E-Mail-Adresse oder Telefonnummer unserer Vereinsmitglieder, erfolgt stets im Einklang mit der Datenschutz-Grundverordnung und in \u00dcbereinstimmung mit den geltenden landesspezifischen Datenschutzbestimmungen.<br \/>\nDer Beitritt in den Verein ist die Einwilligung, dass die Person mit der Verarbeitung der sie betreffenden personenbezogenen Daten im Sinne der Vereinssatzung einverstanden ist. Es erfolgt keine Weitergabe dieser personenbezogenen Daten an Dritte.<\/p>\n<p><strong>Name und Anschrift des f\u00fcr die Verarbeitung Verantwortlichen<\/strong><\/p>\n<p>Verantwortlicher im Sinne der Datenschutz-Grundverordnung, sonstiger in den Mitgliedstaaten der Europ\u00e4ischen Union geltenden Datenschutzgesetze und anderer Bestimmungen mit datenschutzrechtlichem Charakter ist die ARGE Nord-Ost e.V., Franklinstr. 42, 70435 Stuttgart, Vorsitzender: Joseph Michl<\/p>\n<p><strong>Cookies<\/strong><\/p>\n<p>Die Internetseiten der Arge-Nord-Ost e.V. verwenden keine Cookies.<\/p>\n<p><strong>Erfassung von allgemeinen Daten und Informationen von Internetseiten-Nutzern<\/strong><\/p>\n<p>Der Provider der Internetseiten der Arge-Nord-Ost e.V. erfasst mit jedem Aufruf der Internetseite durch eine betroffene Person oder ein automatisiertes System eine Reihe von allgemeinen Daten und Informationen. Diese allgemeinen Daten und Informationen werden in den Logfiles des Servers gespeichert. Erfasst werden k\u00f6nnen die (1) verwendeten Browsertypen und Versionen, (2) das vom zugreifenden System verwendete Betriebssystem, (3) die Internetseite, von welcher ein zugreifendes System auf unsere Internetseite gelangt (sogenannte Referrer), (4) die Unterwebseiten, welche \u00fcber ein zugreifendes System auf unserer Internetseite angesteuert werden, (5) das Datum und die Uhrzeit eines Zugriffs auf die Internetseite, (6) eine Internet-Protokoll-Adresse (IP-Adresse), (7) der Internet-Service-Provider des zugreifenden Systems und (8) sonstige \u00e4hnliche Daten und Informationen, die der Gefahrenabwehr im Falle von Angriffen auf unsere informationstechnologischen Systeme dienen.<br \/>\nDiese anonym erhobenen Daten und Informationen werden durch die Arge Nord-Ost e.V. nur statistisch ausgewertet.<\/p>\n<p><strong>Kontaktm\u00f6glichkeit \u00fcber die Internetseite<\/strong><\/p>\n<p>Die Internetseite der Arge-Nord-Ost e.V. enth\u00e4lt aufgrund von gesetzlichen Vorschriften Angaben, die eine schnelle elektronische Kontaktaufnahme zu unserem Verein sowie eine unmittelbare Kommunikation mit uns erm\u00f6glichen, was ebenfalls eine allgemeine Adresse der sogenannten elektronischen Post (E-Mail-Adresse) umfasst. Sofern eine betroffene Person per E-Mail den Kontakt mit dem f\u00fcr die Verarbeitung Verantwortlichen aufnimmt, werden die von der betroffenen Person \u00fcbermittelten personenbezogenen Daten automatisch gespeichert. Solche auf freiwilliger Basis von einer betroffenen Person an den f\u00fcr die Verarbeitung Verantwortlichen \u00fcbermittelten personenbezogenen Daten werden f\u00fcr Zwecke der Bearbeitung oder der Kontaktaufnahme zur betroffenen Person gespeichert. Es erfolgt keine Weitergabe dieser personenbezogenen Daten an Dritte.<\/p>\n<p><strong>Routinem\u00e4\u00dfige L\u00f6schung von personenbezogenen Daten<\/strong><\/p>\n<p>Der f\u00fcr die Verarbeitung Verantwortliche verarbeitet und speichert personenbezogene Daten der betroffenen Person nur f\u00fcr den Zeitraum, der zur Erreichung des Speicherungszwecks erforderlich ist.<\/p>\n<p><strong>Rechte der betroffenen Person<\/strong><\/p>\n<p>a) Recht auf Best\u00e4tigung<br \/>\nJede betroffene Person hat das vom Europ\u00e4ischen Richtlinien- und Verordnungsgeber einger\u00e4umte Recht, von dem f\u00fcr die Verarbeitung Verantwortlichen eine Best\u00e4tigung dar\u00fcber zu verlangen, ob sie betreffende personenbezogene Daten verarbeitet werden. M\u00f6chte eine betroffene Person dieses Best\u00e4tigungsrecht in Anspruch nehmen, kann sie sich hierzu jederzeit an den f\u00fcr die Verarbeitung Verantwortlichen wenden.<\/p>\n<p>b) Recht auf Auskunft<br \/>\nJede von der Verarbeitung personenbezogener Daten betroffene Person hat das vom Europ\u00e4ischen Richtlinien- und Verordnungsgeber gew\u00e4hrte Recht, jederzeit von dem f\u00fcr die Verarbeitung Verantwortlichen unentgeltliche Auskunft \u00fcber die zu seiner Person gespeicherten personenbezogenen Daten und eine Kopie dieser Auskunft zu erhalten. Ferner hat der Europ\u00e4ische Richtlinien- und Verordnungsgeber der betroffenen Person Auskunft \u00fcber folgende Informationen zugestanden:<\/p>\n<p>&#8211; die Verarbeitungszwecke<br \/>\n&#8211; die Kategorien personenbezogener Daten, die verarbeitet werden<br \/>\n&#8211; die Empf\u00e4nger oder Kategorien von Empf\u00e4ngern, gegen\u00fcber denen die personenbezogenen Daten offengelegt worden sind oder noch offengelegt werden Z.B. Finanzamt)<br \/>\n&#8211; die geplante Dauer, f\u00fcr die die personenbezogenen Daten gespeichert werden oder die Kriterien f\u00fcr die Festlegung dieser Dauer (Mitgliedschaft)<br \/>\n&#8211; das Bestehen eines Rechts auf Berichtigung oder L\u00f6schung der sie betreffenden personenbezogenen Daten oder auf Einschr\u00e4nkung der Verarbeitung durch den Verantwortlichen oder eines Widerspruchsrechts gegen diese Verarbeitung<br \/>\n&#8211; das Bestehen eines Beschwerderechts bei einer Aufsichtsbeh\u00f6rde (Landesdatenschutzbeauftragter)<br \/>\n&#8211; der betroffenen Person steht ein Auskunftsrecht dar\u00fcber zu, ob personenbezogene Daten an ein Drittland oder an eine internationale Organisation \u00fcbermittelt wurden. (was bei der Arge-Nord-Ost e.V. nicht der Fall ist)<\/p>\n<p>M\u00f6chte eine betroffene Person dieses Auskunftsrecht in Anspruch nehmen, kann sie sich hierzu jederzeit an den Verantwortlichen der Arge-Nord-Ost e.V. wenden.<\/p>\n<p>c) Recht auf Berichtigung<br \/>\nJede von der Verarbeitung personenbezogener Daten betroffene Person hat das vom Europ\u00e4ischen Richtlinien- und Verordnungsgeber gew\u00e4hrte Recht, die unverz\u00fcgliche Berichtigung sie betreffender unrichtiger personenbezogener Daten zu verlangen. Ferner steht der betroffenen Person das Recht zu, unter Ber\u00fccksichtigung der Zwecke der Verarbeitung, die Vervollst\u00e4ndigung unvollst\u00e4ndiger personenbezogener Daten \u2014 auch mittels einer erg\u00e4nzenden Erkl\u00e4rung \u2014 zu verlangen. M\u00f6chte eine betroffene Person dieses Berichtigungsrecht in Anspruch nehmen, kann sie sich hierzu jederzeit an den f\u00fcr die Verarbeitung Verantwortlichen wenden.<\/p>\n<p>d) Recht auf L\u00f6schung (Recht auf Vergessen werden)<br \/>\nJede von der Verarbeitung personenbezogener Daten betroffene Person hat das vom Europ\u00e4ischen Richtlinien- und Verordnungsgeber gew\u00e4hrte Recht, von dem Verantwortlichen zu verlangen, dass die sie betreffenden personenbezogenen Daten unverz\u00fcglich gel\u00f6scht werden, sofern einer der folgenden Gr\u00fcnde zutrifft und soweit die Verarbeitung nicht erforderlich ist:<br \/>\nDie personenbezogenen Daten wurden f\u00fcr solche Zwecke erhoben oder auf sonstige Weise verarbeitet, f\u00fcr welche sie nicht mehr notwendig sind.<br \/>\nDie betroffene Person widerruft ihre Einwilligung, auf die sich die Verarbeitung gem\u00e4\u00df Art. 6 Abs. 1 Buchstabe a DS-GVO oder Art. 9 Abs. 2 Buchstabe a DS-GVO st\u00fctzte, und es fehlt an einer anderweitigen Rechtsgrundlage f\u00fcr die Verarbeitung.<br \/>\nDie betroffene Person legt gem\u00e4\u00df Art. 21 Abs. 1 DS-GVO Widerspruch gegen die Verarbeitung ein, und es liegen keine vorrangigen berechtigten Gr\u00fcnde f\u00fcr die Verarbeitung vor, oder die betroffene Person legt gem\u00e4\u00df Art. 21 Abs. 2 DS-GVO Widerspruch gegen die Verarbeitung ein.<br \/>\nDie personenbezogenen Daten wurden unrechtm\u00e4\u00dfig verarbeitet.<br \/>\nDie L\u00f6schung der personenbezogenen Daten ist zur Erf\u00fcllung einer rechtlichen Verpflichtung nach dem Unionsrecht oder dem Recht der Mitgliedstaaten erforderlich, dem der Verantwortliche unterliegt.<br \/>\nDie personenbezogenen Daten wurden in Bezug auf angebotene Dienste der Informationsgesellschaft gem\u00e4\u00df Art. 8 Abs. 1 DS-GVO erhoben.Sofern einer der oben genannten Gr\u00fcnde zutrifft und eine betroffene Person die L\u00f6schung von personenbezogenen Daten, die bei der Arge-Nord-Ost e.V. gespeichert sind, veranlassen m\u00f6chte, kann sie sich hierzu jederzeit an den f\u00fcr die Verarbeitung Verantwortlichen wenden. Der Verein wird dem berechtigten L\u00f6schverlangen unverz\u00fcglich nachkommen.<\/p>\n<p>e) Recht auf Einschr\u00e4nkung der Verarbeitung<br \/>\nJede von der Verarbeitung personenbezogener Daten betroffene Person hat das vom Europ\u00e4ischen Richtlinien- und Verordnungsgeber gew\u00e4hrte Recht, von dem Verantwortlichen die Einschr\u00e4nkung der Verarbeitung zu verlangen, wenn eine der folgenden Voraussetzungen gegeben ist:<br \/>\nDie Richtigkeit der personenbezogenen Daten wird von der betroffenen Person bestritten, und zwar f\u00fcr eine Dauer, die es dem Verantwortlichen erm\u00f6glicht, die Richtigkeit der personenbezogenen Daten zu \u00fcberpr\u00fcfen.<br \/>\nDie Verarbeitung ist unrechtm\u00e4\u00dfig, die betroffene Person lehnt die L\u00f6schung der personenbezogenen Daten ab und verlangt stattdessen die Einschr\u00e4nkung der Nutzung der personenbezogenen Daten.<br \/>\nDer Verantwortliche ben\u00f6tigt die personenbezogenen Daten f\u00fcr die Zwecke der Verarbeitung nicht l\u00e4nger, die betroffene Person ben\u00f6tigt sie jedoch zur Geltendmachung, Aus\u00fcbung oder Verteidigung von Rechtsanspr\u00fcchen.<br \/>\nDie betroffene Person hat Widerspruch gegen die Verarbeitung gem. Art. 21 Abs. 1 DS-GVO eingelegt und es steht noch nicht fest, ob die berechtigten Gr\u00fcnde des Verantwortlichen gegen\u00fcber denen der betroffenen Person \u00fcberwiegen.Sofern eine der oben genannten Voraussetzungen gegeben ist und eine betroffene Person die Einschr\u00e4nkung von personenbezogenen Daten verlangen m\u00f6chte, kann sie sich hierzu jederzeit an den f\u00fcr die Verarbeitung Verantwortlichen wenden.<\/p>\n<p>f) Recht auf Daten\u00fcbertragbarkeit<br \/>\nJede von der Verarbeitung personenbezogener Daten betroffene Person hat das vom Europ\u00e4ischen Richtlinien- und Verordnungsgeber gew\u00e4hrte Recht, die sie betreffenden personenbezogenen Daten, welche durch die betroffene Person einem Verantwortlichen bereitgestellt wurden, in einem strukturierten, g\u00e4ngigen und maschinenlesbaren Format zu erhalten. Sie hat au\u00dferdem das Recht, diese Daten einem anderen Verantwortlichen ohne Behinderung durch den Verantwortlichen, dem die personenbezogenen Daten bereitgestellt wurden, zu \u00fcbermitteln, sofern die Verarbeitung auf der Einwilligung gem\u00e4\u00df Art. 6 Abs. 1 Buchstabe a DS-GVO oder Art. 9 Abs. 2 Buchstabe a DS-GVO oder auf einem Vertrag gem\u00e4\u00df Art. 6 Abs. 1 Buchstabe b DS-GVO beruht und die Verarbeitung mithilfe automatisierter Verfahren erfolgt, sofern die Verarbeitung nicht f\u00fcr die Wahrnehmung einer Aufgabe erforderlich ist, die im \u00f6ffentlichen Interesse liegt oder in Aus\u00fcbung \u00f6ffentlicher Gewalt erfolgt, welche dem Verantwortlichen \u00fcbertragen wurde.Ferner hat die betroffene Person bei der Aus\u00fcbung ihres Rechts auf Daten\u00fcbertragbarkeit gem\u00e4\u00df Art. 20 Abs. 1 DS-GVO das Recht, zu erwirken, dass die personenbezogenen Daten direkt von einem Verantwortlichen an einen anderen Verantwortlichen \u00fcbermittelt werden, soweit dies technisch machbar ist und sofern hiervon nicht die Rechte und Freiheiten anderer Personen beeintr\u00e4chtigt werden.<br \/>\nZur Geltendmachung des Rechts auf Daten\u00fcbertragbarkeit kann sich die betroffene Person jederzeit an die Arge-Nord-Ost e.V. wenden.<\/p>\n<p>g) Recht auf Widerspruch<br \/>\nJede von der Verarbeitung personenbezogener Daten betroffene Person hat das vom Europ\u00e4ischen Richtlinien- und Verordnungsgeber gew\u00e4hrte Recht, aus Gr\u00fcnden, die sich aus ihrer besonderen Situation ergeben, jederzeit gegen die Verarbeitung sie betreffender personenbezogener Daten, die aufgrund von Art. 6 Abs. 1 Buchstaben e oder f DS-GVO erfolgt, Widerspruch einzulegen. Dies gilt auch f\u00fcr ein auf diese Bestimmungen gest\u00fctztes Profiling. Die Arge-Nord-Ost e.V. verarbeitet die personenbezogenen Daten im Falle des Widerspruchs nicht mehr, es sei denn, wir k\u00f6nnen zwingende schutzw\u00fcrdige Gr\u00fcnde f\u00fcr die Verarbeitung nachweisen, die den Interessen, Rechten und Freiheiten der betroffenen Person \u00fcberwiegen, oder die Verarbeitung dient der Geltendmachung, Aus\u00fcbung oder Verteidigung von Rechtsanspr\u00fcchen.<\/p>\n<p>h) Recht auf Widerruf einer datenschutzrechtlichen Einwilligung<br \/>\nJede von der Verarbeitung personenbezogener Daten betroffene Person hat das vom Europ\u00e4ischen Richtlinien- und Verordnungsgeber gew\u00e4hrte Recht, eine Einwilligung zur Verarbeitung personenbezogener Daten jederzeit zu widerrufen.<br \/>\nM\u00f6chte die betroffene Person ihr Recht auf Widerruf einer Einwilligung geltend machen, kann sie sich hierzu jederzeit an den f\u00fcr die Verarbeitung Verantwortlichen wenden.<\/p>\n<p><strong>Berechtigte Interessen an der Verarbeitung, die von dem Verantwortlichen oder einem Dritten verfolgt werden<\/strong><\/p>\n<p>Basiert die Verarbeitung personenbezogener Daten auf Artikel 6 I lit. f DS-GVO ist unser berechtigtes Interesse die Durchf\u00fchrung unserer Gesch\u00e4ftst\u00e4tigkeit zugunsten des Wohlergehens all unserer Mitglieder.<\/p>\n<p><strong>Dauer, f\u00fcr die die personenbezogenen Daten gespeichert werden<\/strong><\/p>\n<p>Das Kriterium f\u00fcr die Dauer der Speicherung von personenbezogenen Daten ist die jeweilige gesetzliche Aufbewahrungsfrist. Nach Ablauf der Frist werden die entsprechenden Daten routinem\u00e4\u00dfig gel\u00f6scht, sofern sie nicht mehr zur Vertragserf\u00fcllung erforderlich sind.<\/p>\n<p><strong>Gesetzliche oder vertragliche Vorschriften zur Bereitstellung der personenbezogenen Daten; Erforderlichkeit f\u00fcr den Vertragsabschluss; Verpflichtung der betroffenen Person, die personenbezogenen Daten bereitzustellen; m\u00f6gliche Folgen der Nichtbereitstellung<\/strong><\/p>\n<p>Wir kl\u00e4ren Sie dar\u00fcber auf, dass die Bereitstellung personenbezogener Daten zum Teil gesetzlich vorgeschrieben ist (z.B. Steuervorschriften) oder sich auch aus vertraglichen Regelungen (z.B. Angaben zum Vertragspartner) ergeben kann. Mitunter kann es zu einem Vertragsschluss erforderlich sein, dass eine betroffene Person uns personenbezogene Daten zur Verf\u00fcgung stellt, die in der Folge durch uns verarbeitet werden m\u00fcssen. Die betroffene Person ist beispielsweise verpflichtet, uns personenbezogene Daten bereitzustellen, wenn unser Verein mit ihr einen Vertrag abschlie\u00dft. Eine Nichtbereitstellung der personenbezogenen Daten h\u00e4tte zur Folge, dass der Vertrag mit dem Betroffenen nicht geschlossen werden k\u00f6nnte. Vor einer Bereitstellung personenbezogener Daten durch den Betroffenen muss sich der Betroffene an einen unserer Mitarbeiter wenden. Unser Mitarbeiter kl\u00e4rt den Betroffenen einzelfallbezogen dar\u00fcber auf, ob die Bereitstellung der personenbezogenen Daten gesetzlich oder vertraglich vorgeschrieben oder f\u00fcr den Vertragsabschluss erforderlich ist, ob eine Verpflichtung besteht, die personenbezogenen Daten bereitzustellen, und welche Folgen die Nichtbereitstellung der personenbezogenen Daten h\u00e4tte.<\/p>\n<p>Als verantwortungsbewusste Organisation verzichten wir auf eine automatische Entscheidungsfindung.<\/p>\n<p>Diese Datenschutzerkl\u00e4rung wurde durch den Datenschutzerkl\u00e4rungs-Generator der DGD Deutsche Gesellschaft f\u00fcr Datenschutz GmbH erstellt.<\/p>\n","protected":false},"excerpt":{"rendered":"<p>Kontakt: Postanschrift ARGE Nord-Ost e.V. Franklinstr. 42 70435 Stuttgart Telefon 0711 \/ 9827993 E-Mail info@arge-nord-ost.de Vertretungsberechtigter Vorstand Joseph Michl Horst Allgaier Reinhold Uetz Registergericht Amtsgericht Stuttgart Registernummer VR 7216 Bankverbindung Volksbank Zuffenhausen eG IBAN: DE78 6009 0300 0423 2250 06 BIC:\u00a0\u00a0\u00a0 GENODES1ZUF Verantwortlicher f\u00fcr den Inhalt der Seiten der ARGE Nord-Ost Joseph Michl &nbsp; Haftung [&hellip;]<\/p>\n","protected":false},"author":1,"featured_media":0,"parent":0,"menu_order":0,"comment_status":"closed","ping_status":"closed","template":"","meta":{"footnotes":""},"class_list":["post-31","page","type-page","status-publish","hentry"],"_links":{"self":[{"href":"https:\/\/landschaftsschutz.org\/index.php?rest_route=\/wp\/v2\/pages\/31","targetHints":{"allow":["GET"]}}],"collection":[{"href":"https:\/\/landschaftsschutz.org\/index.php?rest_route=\/wp\/v2\/pages"}],"about":[{"href":"https:\/\/landschaftsschutz.org\/index.php?rest_route=\/wp\/v2\/types\/page"}],"author":[{"embeddable":true,"href":"https:\/\/landschaftsschutz.org\/index.php?rest_route=\/wp\/v2\/users\/1"}],"replies":[{"embeddable":true,"href":"https:\/\/landschaftsschutz.org\/index.php?rest_route=%2Fwp%2Fv2%2Fcomments&post=31"}],"version-history":[{"count":12,"href":"https:\/\/landschaftsschutz.org\/index.php?rest_route=\/wp\/v2\/pages\/31\/revisions"}],"predecessor-version":[{"id":461,"href":"https:\/\/landschaftsschutz.org\/index.php?rest_route=\/wp\/v2\/pages\/31\/revisions\/461"}],"wp:attachment":[{"href":"https:\/\/landschaftsschutz.org\/index.php?rest_route=%2Fwp%2Fv2%2Fmedia&parent=31"}],"curies":[{"name":"wp","href":"https:\/\/api.w.org\/{rel}","templated":true}]}}