{"id":657,"date":"2018-09-18T22:11:23","date_gmt":"2018-09-18T20:11:23","guid":{"rendered":"http:\/\/landschaftsschutz.org\/?page_id=657"},"modified":"2018-09-19T21:19:54","modified_gmt":"2018-09-19T19:19:54","slug":"wertvolle-flaechen-fuer-die-erholung","status":"publish","type":"page","link":"http:\/\/landschaftsschutz.org\/?page_id=657","title":{"rendered":"Wertvolle Fl\u00e4chen f\u00fcr die Erholung"},"content":{"rendered":"<p>Um sich erholen zu k\u00f6nnen, braucht der Mensch<\/p>\r\n<ul>\r\n<li><a href=\"http:\/\/landschaftsschutz.org\/?page_id=657#ruhe\">Ruhe<\/a><\/li>\r\n<li><a href=\"http:\/\/landschaftsschutz.org\/?page_id=657#luft\">Frische, k\u00fchle Luft<\/a><\/li>\r\n<li><a href=\"http:\/\/landschaftsschutz.org\/?page_id=657#land\">Sch\u00f6ne, abwechslungsreiche Landschaft<\/a><\/li>\r\n<li><a href=\"http:\/\/www.besinnungsweg-fellbach.de\/index.php\">Besinnung f\u00fcr Herz und Hirn<\/a><\/li>\r\n<\/ul>\r\n<p><a name=\"ruhe\"><\/a><\/p>\r\n<h3>Ruhe statt Verkehrsl\u00e4rm<\/h3>\r\n<p>Heute eignet sich das Lange Feld und Schmidener Feld hervorragend, um Erholungs zu finden, da die Menschen hier zur Ruhe kommen k\u00f6nnen. <br>Wenn der Nordostring gebaut w\u00fcrde, w\u00e4re es damit vorbei. Neben einer Autobahn will niemand spazieren gehen.<\/p>\r\n\r\n\r\n<div class=\"wp-block-image\"><a href=\"http:\/\/arge-nord-ost.de\/nor\/Linienbestimmung\/Laerm-Nullfall2015-www.jpg\"><figure class=\"alignleft\"><img loading=\"lazy\" decoding=\"async\" width=\"400\" height=\"227\" src=\"http:\/\/landschaftsschutz.org\/wp-content\/uploads\/2018\/09\/Laerm-Nullfall-kl.jpg\" alt=\"\" class=\"wp-image-658\" srcset=\"http:\/\/landschaftsschutz.org\/wp-content\/uploads\/2018\/09\/Laerm-Nullfall-kl.jpg 400w, http:\/\/landschaftsschutz.org\/wp-content\/uploads\/2018\/09\/Laerm-Nullfall-kl-300x170.jpg 300w\" sizes=\"auto, (max-width: 400px) 100vw, 400px\" \/><\/figure><\/a>L\u00e4rmberechnungen nachts in 2 m H\u00f6he<br>\r\nje dunkelgr\u00fcner, desto leiser, <br>\r\nje dunkelroter, desto lauter<br>\r\nbitte klicken Sie auf die Karte, um sie in voller Gr\u00f6\u00dfe sehen zu k\u00f6nnen.<br>\r\nDie Berechung stammt aus dem Jahre 2003, als die Waiblinger Westumfahrung noch nicht gebaut war. Aktuellere Berechnungen liegen nicht vor. <br>\r\nbitte klicken Sie auf die Karte, um sie in voller Gr\u00f6\u00dfe sehen zu k\u00f6nnen.<br>\r\n<\/div>\r\n\r\n\r\n<table>\r\n<tbody>\r\n<tr>\r\n<td><\/td>\r\n<\/tr>\r\n<\/tbody>\r\n<\/table>\r\n\r\n\r\n<div class=\"wp-block-image\"><a href=\"http:\/\/arge-nord-ost.de\/nor\/Linienbestimmung\/Laerm-C1diff2015-www.jpg\"><figure class=\"alignleft\"><img loading=\"lazy\" decoding=\"async\" width=\"400\" height=\"226\" src=\"http:\/\/landschaftsschutz.org\/wp-content\/uploads\/2018\/09\/Laerm-mit-Nordostring-kl.jpg\" alt=\"\" class=\"wp-image-659\" srcset=\"http:\/\/landschaftsschutz.org\/wp-content\/uploads\/2018\/09\/Laerm-mit-Nordostring-kl.jpg 400w, http:\/\/landschaftsschutz.org\/wp-content\/uploads\/2018\/09\/Laerm-mit-Nordostring-kl-300x170.jpg 300w\" sizes=\"auto, (max-width: 400px) 100vw, 400px\" \/><\/figure><\/a>L\u00e4rmdifferenzkarte<br>\r\ngelb=h\u00f6rbar lauter<br>\r\nje dunkelroter, desto lauter<br>\r\ngr\u00fcn=leiser<br>\r\nbitte klicken Sie auf die Karte, um sie in voller Gr\u00f6\u00dfe sehen zu k\u00f6nnen<\/div>\r\n\r\n\r\n<p><a name=\"luft\"><\/a><\/p>\r\n<table>\r\n<tbody>\r\n<tr>\r\n<td>\u00a0<\/td>\r\n<\/tr>\r\n<\/tbody>\r\n<\/table>\r\n<h3>Frische, k\u00fchle Luft statt Asphalt-Hitze<\/h3>\r\n<p><a href=\"http:\/\/arge-nord-ost.de\/nor\/Linienbestimmung\/K6.2.gif\"><img loading=\"lazy\" decoding=\"async\" class=\"alignleft size-full wp-image-677\" src=\"http:\/\/landschaftsschutz.org\/wp-content\/uploads\/2018\/09\/Klima-kl.jpg\" alt=\"\" width=\"400\" height=\"272\" srcset=\"http:\/\/landschaftsschutz.org\/wp-content\/uploads\/2018\/09\/Klima-kl.jpg 400w, http:\/\/landschaftsschutz.org\/wp-content\/uploads\/2018\/09\/Klima-kl-300x204.jpg 300w\" sizes=\"auto, (max-width: 400px) 100vw, 400px\" \/><\/a>\r\ndunkelblau = seh hohe klimatische Bedeutung<br>\r\nhellblau = hohe klimatische Bedeutung<br>\r\nAuf den Freifl\u00e4chen im Norden und Osten von Stuttgart entsteht heute k\u00fchle und frische Luft, die in unsere dicht besiedelten Orte str\u00f6mt und f\u00fcr Abk\u00fchlung sorgt. Die Bedeutung dieser Freifl\u00e4chen f\u00fcr Luft und Klima ist deshalb sehr hoch. In Zeiten des Klimawandels mit zunehmend hei\u00dfen Trockensommern wird dies immer wichtiger. Insbesondere auch die Orte im windarmen Neckartal, die oft noch durch benachbarte Anlagen stark belastet werden, brauchen die frische Luft von den offenen Feldern. Beispiel hierf\u00fcr ist Stuttgart-M\u00fchlhausen, das starke Geruchsbel\u00e4stigungen durch das Hauptkl\u00e4rwerk Stuttgart erf\u00e4hrt. Der geplante Nordostring w\u00fcrde die klimabedeutsamen Fl\u00e4chen des Langen Feldes und des Schmidener Feldes durchschneiden und mit den Abgasen von 70.000 Autos belasten.<br>\r\nbitte klicken Sie auf die Karte, um sie in voller Gr\u00f6\u00dfe sehen zu k\u00f6nnen.<br><\/p>\r\n<p><a name=\"land\"><\/a><\/p>\r\n<table>\r\n<tbody>\r\n<tr>\r\n<td>\u00a0<\/td>\r\n<\/tr>\r\n<\/tbody>\r\n<\/table>\r\n<h3>Sch\u00f6ne, abwechslungsreiche Landschaft<\/h3>\r\n<p>wird demn\u00e4chst erg\u00e4nzt<\/p>\r\n<table>\r\n<tbody>\r\n<tr>\r\n<td>\u00a0<\/td>\r\n<\/tr>\r\n<\/tbody>\r\n<\/table>\r\n<h3>Besinnung f\u00fcr Herz und Hirn<\/h3>\r\n<p>mehr zum Thema Besinnungsweg Fellbach finden Sie hier <a href=\"http:\/\/www.besinnungsweg-fellbach.de\/index.php\">weiterlesen<\/a><\/p>","protected":false},"excerpt":{"rendered":"<p>Um sich erholen zu k\u00f6nnen, braucht der Mensch Ruhe Frische, k\u00fchle Luft Sch\u00f6ne, abwechslungsreiche Landschaft Besinnung f\u00fcr Herz und Hirn Ruhe statt Verkehrsl\u00e4rm Heute eignet sich das Lange Feld und Schmidener Feld hervorragend, um Erholungs zu finden, da die Menschen hier zur Ruhe kommen k\u00f6nnen. Wenn der Nordostring gebaut w\u00fcrde, w\u00e4re es damit vorbei. Neben [&hellip;]<\/p>\n","protected":false},"author":2,"featured_media":0,"parent":0,"menu_order":0,"comment_status":"closed","ping_status":"closed","template":"","meta":{"footnotes":""},"class_list":["post-657","page","type-page","status-publish","hentry"],"_links":{"self":[{"href":"http:\/\/landschaftsschutz.org\/index.php?rest_route=\/wp\/v2\/pages\/657","targetHints":{"allow":["GET"]}}],"collection":[{"href":"http:\/\/landschaftsschutz.org\/index.php?rest_route=\/wp\/v2\/pages"}],"about":[{"href":"http:\/\/landschaftsschutz.org\/index.php?rest_route=\/wp\/v2\/types\/page"}],"author":[{"embeddable":true,"href":"http:\/\/landschaftsschutz.org\/index.php?rest_route=\/wp\/v2\/users\/2"}],"replies":[{"embeddable":true,"href":"http:\/\/landschaftsschutz.org\/index.php?rest_route=%2Fwp%2Fv2%2Fcomments&post=657"}],"version-history":[{"count":15,"href":"http:\/\/landschaftsschutz.org\/index.php?rest_route=\/wp\/v2\/pages\/657\/revisions"}],"predecessor-version":[{"id":687,"href":"http:\/\/landschaftsschutz.org\/index.php?rest_route=\/wp\/v2\/pages\/657\/revisions\/687"}],"wp:attachment":[{"href":"http:\/\/landschaftsschutz.org\/index.php?rest_route=%2Fwp%2Fv2%2Fmedia&parent=657"}],"curies":[{"name":"wp","href":"https:\/\/api.w.org\/{rel}","templated":true}]}}